{"id":251,"date":"2024-07-10T17:55:54","date_gmt":"2024-07-10T17:55:54","guid":{"rendered":"http:\/\/domus\/?page_id=251"},"modified":"2024-10-11T19:55:32","modified_gmt":"2024-10-11T19:55:32","slug":"financiamentos","status":"publish","type":"page","link":"https:\/\/domus.pucpr.br\/en\/financiamentos\/","title":{"rendered":"Financiamentos"},"content":{"rendered":"<div data-elementor-type=\"wp-page\" data-elementor-id=\"251\" class=\"elementor elementor-251\" data-elementor-post-type=\"page\">\n\t\t\t\t<div class=\"elementor-element elementor-element-94aec0e e-con-full e-flex e-con e-parent\" data-id=\"94aec0e\" data-element_type=\"container\">\n\t\t\t\t<div class=\"elementor-element elementor-element-6b39721 elementor--h-position-center elementor--v-position-middle elementor-arrows-position-inside elementor-pagination-position-inside elementor-widget elementor-widget-slides\" data-id=\"6b39721\" data-element_type=\"widget\" data-settings=\"{&quot;navigation&quot;:&quot;both&quot;,&quot;autoplay&quot;:&quot;yes&quot;,&quot;pause_on_hover&quot;:&quot;yes&quot;,&quot;pause_on_interaction&quot;:&quot;yes&quot;,&quot;autoplay_speed&quot;:5000,&quot;infinite&quot;:&quot;yes&quot;,&quot;transition&quot;:&quot;slide&quot;,&quot;transition_speed&quot;:500}\" data-widget_type=\"slides.default\">\n\t\t\t\t<div class=\"elementor-widget-container\">\n\t\t\t\t\t<div class=\"elementor-swiper\">\n\t\t\t<div class=\"elementor-slides-wrapper elementor-main-swiper swiper\" dir=\"ltr\" data-animation=\"fadeInUp\">\n\t\t\t\t<div class=\"swiper-wrapper elementor-slides\">\n\t\t\t\t\t\t\t\t\t\t<div class=\"elementor-repeater-item-af9a14a swiper-slide\"><div class=\"swiper-slide-bg\" role=\"img\"><\/div><div class=\"elementor-background-overlay\"><\/div><div class=\"swiper-slide-inner\" ><div class=\"swiper-slide-contents\"><div class=\"elementor-slide-heading\">PROJETOS E FINANCIAMENTOS<\/div><\/div><\/div><\/div>\t\t\t\t<\/div>\n\t\t\t\t\t\t\t<\/div>\n\t\t<\/div>\n\t\t\t\t<\/div>\n\t\t\t\t<\/div>\n\t\t\t\t<\/div>\n\t\t<div class=\"elementor-element elementor-element-ca95beb e-flex e-con-boxed e-con e-parent\" data-id=\"ca95beb\" data-element_type=\"container\">\n\t\t\t\t\t<div class=\"e-con-inner\">\n\t\t\t\t<div class=\"elementor-element elementor-element-b4d3f02 elementor-widget elementor-widget-spacer\" data-id=\"b4d3f02\" data-element_type=\"widget\" data-widget_type=\"spacer.default\">\n\t\t\t\t<div class=\"elementor-widget-container\">\n\t\t\t\t\t<div class=\"elementor-spacer\">\n\t\t\t<div class=\"elementor-spacer-inner\"><\/div>\n\t\t<\/div>\n\t\t\t\t<\/div>\n\t\t\t\t<\/div>\n\t\t\t\t<div class=\"elementor-element elementor-element-57a97ea elementor-widget elementor-widget-text-editor\" data-id=\"57a97ea\" data-element_type=\"widget\" data-widget_type=\"text-editor.default\">\n\t\t\t\t<div class=\"elementor-widget-container\">\n\t\t\t\t\t\t\t<p>Desde a d\u00e9cada de 90. modelos matem\u00e1ticos, algoritmos, t\u00e9cnicas experimentais, exerc\u00edcios de valida\u00e7\u00e3o e c\u00f3digos computacionais [5-50] vem sendo desenvolvidos para o estudo do comportamento higrot\u00e9rmico e energ\u00e9tico de ambientes e de sistemas de climatiza\u00e7\u00e3o. Para alimentar esse desenvolvimento, diversos projetos (com ou sem financiamento) fomentaram a pesquisa e desenvolvimento do Domus tais como: CNPq &#8211; PQ 306269\/2009-0, CNPq 480497\/2011-7, Eletrobras ECV 283a\/11, Eletrobras ECV 283\/08, CNPq\u2013480061\/2008-4, CNPq &#8211; PQ 306820\/2006-4, CNPq &#8211; PQ 300263\/2003-1, CNPq \u2013 CT-ENERG 401090\/2003-5, CNPq\/APV 451676\/2004-1, CNPq &#8211; PQ 300.154\/00-3 e Funda\u00e7\u00e3o Arauc\u00e1ria (Ref. 295\/2000, 182\/2005, 206\/2006), Eletrobras ECV 283a\/11, Eletrobras ECV 283\/08, FINEP Ref. 2460\/05, CNPq\/Energia 551461\/2001-2, CNPq\/Energia 550093\/01-0, CNPq \u2013 CT-ENERG 401090\/2003-5, IEA Annex41, IEA Annex 55, IEA Annex 60, CAPES-COFECUB 774\/13, Funda\u00e7\u00e3o Arauc\u00e1ria \u2013 Ref. 300\/2013, CNPq Ref. 458081\/2013-2, CNPq \u2013 Ref. 307658\/2013-9.<\/p><p><span style=\"text-decoration: underline;\"><strong>Abaixo segue lista de projetos associados ao desenvolvimento do Domus:<\/strong><\/span><\/p><ol><li><p class=\"zfr3Q CDt4Ke\" dir=\"ltr\"><strong><span class=\"C9DxTc\">T\u00edtulo<\/span><\/strong><span class=\"C9DxTc\"><strong>:<\/strong> Pesquisa, Inova\u00e7\u00e3o e Sustentabilidade para um Paran\u00e1 Pr\u00f3spero e Resiliente \u00e0s Mudan\u00e7as Clim\u00e1ticas<\/span><\/p><p class=\"zfr3Q CDt4Ke\" dir=\"ltr\"><strong><span class=\"C9DxTc\">\u00d3rg\u00e3o<\/span><\/strong><span class=\"C9DxTc\"><strong>:<\/strong> Funda\u00e7\u00e3o Arauc\u00e1ria. Edital CP 12\/2023 &#8211; PROGRAMA INSTITUCIONAL PROFISSIONAIS TOP MANAGERS. Ref. 329\/2023.<\/span><\/p><p class=\"zfr3Q CDt4Ke\" dir=\"ltr\"><strong><span class=\"C9DxTc\">Coordenador<\/span><\/strong><span class=\"C9DxTc\"><strong>:<\/strong> Prof. Nathan Mendes<\/span><\/p><p class=\"zfr3Q CDt4Ke\" dir=\"ltr\"><strong><span class=\"C9DxTc\">Vig\u00eancia<\/span><\/strong><span class=\"C9DxTc\">: 2024-2027<\/span><\/p><\/li><li><p class=\"zfr3Q CDt4Ke\" dir=\"ltr\"><strong><span class=\"C9DxTc\">T\u00edtulo<\/span><\/strong><span class=\"C9DxTc\"><strong>:<\/strong> International PhD School: Heat, Air and Moisture Transfer in Buildings<\/span><\/p><p class=\"zfr3Q CDt4Ke\" dir=\"ltr\"><strong><span class=\"C9DxTc\">\u00d3rg\u00e3o<\/span><\/strong><span class=\"C9DxTc\"><strong>:<\/strong> CNPq \u2013 Ref. 458081\/2013-2<\/span><\/p><p class=\"zfr3Q CDt4Ke\" dir=\"ltr\"><strong><span class=\"C9DxTc\">Coordenador<\/span><\/strong><span class=\"C9DxTc\"><strong>:<\/strong> Prof. Nathan Mendes<\/span><\/p><p class=\"zfr3Q CDt4Ke\" dir=\"ltr\"><strong><span class=\"C9DxTc\">Vig\u00eancia<\/span><\/strong><span class=\"C9DxTc\"><strong>:<\/strong> 2014-2015<\/span><\/p><\/li><li><p class=\"zfr3Q CDt4Ke\" dir=\"ltr\"><strong><span class=\"C9DxTc\">T\u00edtulo<\/span><\/strong><span class=\"C9DxTc\"><strong>:<\/strong> Modelos e T\u00e9cnicas de Co-Simula\u00e7\u00e3o para uma Nova Gera\u00e7\u00e3o de Instrumentos de An\u00e1lise de Desempenho de Edifica\u00e7\u00f5es e de Sistemas de Energia<\/span><\/p><p class=\"zfr3Q CDt4Ke\" dir=\"ltr\"><strong><span class=\"C9DxTc\">\u00d3rg\u00e3o<\/span><\/strong><span class=\"C9DxTc\"><strong>:<\/strong> CNPq \u2013 Ref. 307658\/2013-9\u00a0<\/span><\/p><p class=\"zfr3Q CDt4Ke\" dir=\"ltr\"><strong><span class=\"C9DxTc\">Coordenador<\/span><\/strong><span class=\"C9DxTc\"><strong>:<\/strong> Prof. Nathan Mendes<\/span><\/p><p class=\"zfr3Q CDt4Ke\" dir=\"ltr\"><strong><span class=\"C9DxTc\">Vig\u00eancia<\/span><\/strong><span class=\"C9DxTc\"><strong>:<\/strong> 2014-2018<\/span><\/p><\/li><li><p class=\"zfr3Q CDt4Ke\" dir=\"ltr\"><strong><span class=\"C9DxTc\">T\u00edtulo<\/span><\/strong><span class=\"C9DxTc\"><strong>:<\/strong> Impacto da Transfer\u00eancia Combinada de Calor e de Massa no Desempenho Energ\u00e9tico e na Durabilidade de Edifica\u00e7\u00f5es<\/span><\/p><p class=\"zfr3Q CDt4Ke\" dir=\"ltr\"><strong><span class=\"C9DxTc\">\u00d3rg\u00e3o<\/span><\/strong><span class=\"C9DxTc\"><strong>:<\/strong> CAPES-COFECUB \u2013 Ref. 774\/2013<\/span><\/p><p class=\"zfr3Q CDt4Ke\" dir=\"ltr\"><strong><span class=\"C9DxTc\">Coordenador<\/span><\/strong><span class=\"C9DxTc\"><strong>:<\/strong> Prof. Nathan Mendes (Brasil) e Profa. Monika Woloszyn (Fran\u00e7a)<\/span><\/p><p class=\"zfr3Q CDt4Ke\" dir=\"ltr\"><strong><span class=\"C9DxTc\">Vig\u00eancia<\/span><\/strong><span class=\"C9DxTc\"><strong>:<\/strong> 2013-2017<\/span><\/p><p class=\"zfr3Q CDt4Ke\" dir=\"ltr\"><strong><span class=\"C9DxTc\">Institui\u00e7\u00f5es parceiras<\/span><\/strong><span class=\"C9DxTc\"><strong>:<\/strong> LOCIE, CNRS UMR 5271, Universit\u00e9 de Savoie e\u00a0 CETHIL, CNRS UMR 5008, Universit\u00e9 Lyon 1, INSA de Lyon.<\/span><\/p><\/li><li><p class=\"zfr3Q CDt4Ke\" dir=\"ltr\"><strong><span class=\"C9DxTc\">T\u00edtulo<\/span><\/strong><span class=\"C9DxTc\"><strong>:<\/strong> IEA ECBCS Annex 60: New generation computational tools for building and community energy systems based on the Modelica and Functional Mockup Interface standards<\/span><\/p><p class=\"zfr3Q CDt4Ke\" dir=\"ltr\"><strong><span class=\"C9DxTc\">\u00d3rg\u00e3o<\/span><\/strong><span class=\"C9DxTc\"><strong>:<\/strong> International Energy Agency CAPES-COFECUB \u2013 Ref. 774\/2013<\/span><\/p><p class=\"zfr3Q CDt4Ke\" dir=\"ltr\"><strong><span class=\"C9DxTc\">Coordenador<\/span><\/strong><span class=\"C9DxTc\"><strong>:<\/strong> Prof. Michael Wetter (Operating Agent global)<\/span><\/p><p class=\"zfr3Q CDt4Ke\" dir=\"ltr\"><strong><span class=\"C9DxTc\">Vig\u00eancia<\/span><\/strong><span class=\"C9DxTc\"><strong>:<\/strong> 2013-2017<\/span><\/p><p class=\"zfr3Q CDt4Ke\" dir=\"ltr\"><strong><span class=\"C9DxTc\">Institui\u00e7\u00f5es parceiras<\/span><span class=\"C9DxTc\">:<\/span><\/strong><a class=\"XqQF9c\" href=\"http:\/\/iea-annex60.org\/participants.html\" target=\"_blank\" rel=\"noopener\"><span class=\"C9DxTc\">\u00a0<\/span><span class=\"C9DxTc aw5Odc\">http:\/\/iea-annex60.org\/participants.html<\/span><\/a><\/p><\/li><li><p class=\"zfr3Q CDt4Ke\" dir=\"ltr\"><strong><span class=\"C9DxTc\">T\u00edtulo<\/span><\/strong><span class=\"C9DxTc\"><strong>:<\/strong> Hygrothermal (HT) Modeling in the VEC-BEN program:\u00a0 Virtual Environmental Control:\u00a0 Buildings and Energy Network<\/span><\/p><p class=\"zfr3Q CDt4Ke\" dir=\"ltr\"><strong><span class=\"C9DxTc\">\u00d3rg\u00e3o<\/span><\/strong><span class=\"C9DxTc\"><strong>:<\/strong> Cons\u00f3rcio de institui\u00e7\u00f5es de ensino e pesquisa<\/span><\/p><p class=\"zfr3Q CDt4Ke\" dir=\"ltr\"><strong><span class=\"C9DxTc\">Coordenador<\/span><\/strong><span class=\"C9DxTc\"><strong>:<\/strong> Prof. Mark Bomberg\u00a0 (Syracuse University)<\/span><\/p><p class=\"zfr3Q CDt4Ke\" dir=\"ltr\"><strong><span class=\"C9DxTc\">Vig\u00eancia<\/span><\/strong><span class=\"C9DxTc\"><strong>:<\/strong> 2013-2016<\/span><\/p><p class=\"zfr3Q CDt4Ke\" dir=\"ltr\"><strong><span class=\"C9DxTc\">Institui\u00e7\u00f5es parceiras<\/span><span class=\"C9DxTc\">:<\/span><\/strong><a class=\"XqQF9c\" href=\"http:\/\/iea-annex60.org\/participants.html\" target=\"_blank\" rel=\"noopener\"><span class=\"C9DxTc\">\u00a0<\/span><span class=\"C9DxTc aw5Odc\">Southwest<\/span><\/a><span class=\"C9DxTc\">\u00a0University, Syracuse University, Florida Solar Energy Center, Department of Energy \u2013 DOE\/USA, Nanjing University, Universit\u00e9 de Savoie.<\/span><\/p><\/li><li><p class=\"zfr3Q CDt4Ke\" dir=\"ltr\"><strong><span class=\"C9DxTc\">T\u00edtulo<\/span><\/strong><span class=\"C9DxTc\"><strong>:<\/strong> Software Domus: Valida\u00e7\u00e3o, Pesquisa e Dissemina\u00e7\u00e3o<\/span><\/p><p class=\"zfr3Q CDt4Ke\" dir=\"ltr\"><strong><span class=\"C9DxTc\">\u00d3rg\u00e3o<\/span><\/strong><span class=\"C9DxTc\"><strong>:<\/strong> Eletrobras ECV 283\/08 e ECV 283a\/11<\/span><\/p><p class=\"zfr3Q CDt4Ke\" dir=\"ltr\"><strong><span class=\"C9DxTc\">Coordenador<\/span><\/strong><span class=\"C9DxTc\"><strong>:<\/strong> Prof. Nathan Mendes<\/span><\/p><p class=\"zfr3Q CDt4Ke\" dir=\"ltr\"><strong><span class=\"C9DxTc\">Vig\u00eancia<\/span><\/strong><span class=\"C9DxTc\"><strong>:<\/strong> 2009-2013<\/span><\/p><\/li><li><p class=\"zfr3Q CDt4Ke\" dir=\"ltr\"><strong><span class=\"C9DxTc\">T\u00edtulo<\/span><\/strong><span class=\"C9DxTc\"><strong>:<\/strong> Modelagem de Pontes T\u00e9rmicas para Simula\u00e7\u00e3o Higrot\u00e9rmica e Energ\u00e9tica de Edifica\u00e7\u00f5es<\/span><\/p><p class=\"zfr3Q CDt4Ke\" dir=\"ltr\"><strong><span class=\"C9DxTc\">\u00d3rg\u00e3o<\/span><\/strong><span class=\"C9DxTc\"><strong>:<\/strong> CNPq \u2013 Universal, Ref. 480497\/2011-7<\/span><\/p><p class=\"zfr3Q CDt4Ke\" dir=\"ltr\"><strong><span class=\"C9DxTc\">Coordenador<\/span><\/strong><span class=\"C9DxTc\"><strong>:<\/strong> Prof. Nathan Mendes<\/span><\/p><p class=\"zfr3Q CDt4Ke\" dir=\"ltr\"><strong><span class=\"C9DxTc\">Vig\u00eancia<\/span><\/strong><span class=\"C9DxTc\"><strong>:<\/strong> 11\/2011-11\/2013<\/span><\/p><p class=\"zfr3Q CDt4Ke\" dir=\"ltr\"><strong><span class=\"C9DxTc\">Institui\u00e7\u00f5es parceiras<\/span><\/strong><span class=\"C9DxTc\"><strong>:<\/strong> UFPR<\/span><\/p><\/li><li><p class=\"zfr3Q CDt4Ke\" dir=\"ltr\"><strong><span class=\"C9DxTc\">T\u00edtulo<\/span><\/strong><span class=\"C9DxTc\"><strong>:<\/strong> Internacionaliza\u00e7\u00e3o do Programa de P\u00f3s-Gradua\u00e7\u00e3o em Engenharia Mec\u00e2nica da PUCPR<\/span><\/p><p class=\"zfr3Q CDt4Ke\" dir=\"ltr\"><strong><span class=\"C9DxTc\">\u00d3rg\u00e3o<\/span><\/strong><span class=\"C9DxTc\"><strong>:<\/strong> Funda\u00e7\u00e3o Arauc\u00e1ria \u2013 Ref. 300\/2013<\/span><\/p><p class=\"zfr3Q CDt4Ke\" dir=\"ltr\"><strong><span class=\"C9DxTc\">Coordenador<\/span><\/strong><span class=\"C9DxTc\"><strong>:<\/strong> Prof. Nathan Mendes<\/span><\/p><p class=\"zfr3Q CDt4Ke\" dir=\"ltr\"><strong><span class=\"C9DxTc\">Vig\u00eancia<\/span><\/strong><span class=\"C9DxTc\"><strong>:<\/strong> 2\/2013-4\/2014<\/span><\/p><p class=\"zfr3Q CDt4Ke\" dir=\"ltr\"><strong><span class=\"C9DxTc\">Institui\u00e7\u00f5es parceiras<\/span><\/strong><span class=\"C9DxTc\"><strong>:<\/strong> Danish Technical University, Oak Ridge National Laboratory, TU-Dresden, University of Chalmers, Universidade do Porto, TU-Wien,<\/span><\/p><\/li><li><p class=\"zfr3Q CDt4Ke\" dir=\"ltr\"><strong><span class=\"C9DxTc\">T\u00edtulo<\/span><\/strong><span class=\"C9DxTc\"><strong>:<\/strong> Coopera\u00e7\u00e3o em Engenharia entre PUCPR e INSA\u2019s<\/span><\/p><p class=\"zfr3Q CDt4Ke\" dir=\"ltr\"><strong><span class=\"C9DxTc\">\u00d3rg\u00e3o<\/span><\/strong><span class=\"C9DxTc\"><strong>:<\/strong> CAPES-Brafitec \u2013 Ref. 1062011<\/span><\/p><p class=\"zfr3Q CDt4Ke\" dir=\"ltr\"><strong><span class=\"C9DxTc\">Coordenador<\/span><\/strong><span class=\"C9DxTc\"><strong>:<\/strong> Prof. Nathan Mendes (Brasil)<\/span><\/p><p class=\"zfr3Q CDt4Ke\" dir=\"ltr\"><strong><span class=\"C9DxTc\">Vig\u00eancia<\/span><\/strong><span class=\"C9DxTc\">: 2\/4\/2012 a 31\/12\/2012<\/span><\/p><p class=\"zfr3Q CDt4Ke\" dir=\"ltr\"><strong><span class=\"C9DxTc\">Institui\u00e7\u00f5es parceiras<\/span><\/strong><span class=\"C9DxTc\"><strong>:<\/strong> INSA\u2019s<\/span><\/p><\/li><li><p class=\"zfr3Q CDt4Ke\" dir=\"ltr\"><strong><span class=\"C9DxTc\">T\u00edtulo<\/span><\/strong><span class=\"C9DxTc\"><strong>:<\/strong> Desempenho Higrot\u00e9rmico e Energ\u00e9tico de Ambientes e de Sistemas de Climatiza\u00e7\u00e3o<\/span><\/p><p class=\"zfr3Q CDt4Ke\" dir=\"ltr\"><strong><span class=\"C9DxTc\">\u00d3rg\u00e3o<\/span><\/strong><span class=\"C9DxTc\"><strong>:<\/strong> CNPq \u2013 PQ Ref. 306820\/2006-4<\/span><\/p><p class=\"zfr3Q CDt4Ke\" dir=\"ltr\"><strong><span class=\"C9DxTc\">Coordenador<\/span><\/strong><span class=\"C9DxTc\"><strong>:<\/strong> Prof. Nathan Mendes<\/span><\/p><p class=\"zfr3Q CDt4Ke\" dir=\"ltr\"><strong><span class=\"C9DxTc\">Vig\u00eancia<\/span><\/strong><span class=\"C9DxTc\"><strong>:<\/strong> 3\/2007-2\/2010<\/span><\/p><\/li><li><p class=\"zfr3Q CDt4Ke\" dir=\"ltr\"><strong><span class=\"C9DxTc\">T\u00edtulo<\/span><\/strong><span class=\"C9DxTc\"><strong>:<\/strong> Aperfei\u00e7oamento de Software e Desenvolvimento de Sistema de Ensino a Dist\u00e2ncia para Simula\u00e7\u00e3o Termoenerg\u00e9tica de Edifica\u00e7\u00f5es<\/span><\/p><p class=\"zfr3Q CDt4Ke\" dir=\"ltr\"><strong><span class=\"C9DxTc\">\u00d3rg\u00e3o<\/span><\/strong><span class=\"C9DxTc\"><strong>:<\/strong> CNPq \u2013 Edital Universal, Ref. 480061\/2008-4<\/span><\/p><p class=\"zfr3Q CDt4Ke\" dir=\"ltr\"><strong><span class=\"C9DxTc\">Coordenador<\/span><\/strong><span class=\"C9DxTc\"><strong>:<\/strong> Prof. Nathan Mendes<\/span><\/p><p class=\"zfr3Q CDt4Ke\" dir=\"ltr\"><strong><span class=\"C9DxTc\">Vig\u00eancia<\/span><\/strong><span class=\"C9DxTc\"><strong>:<\/strong> 10\/2008-9\/2010<\/span><\/p><\/li><li><p class=\"zfr3Q CDt4Ke\" dir=\"ltr\"><strong><span class=\"C9DxTc\">T\u00edtulo<\/span><\/strong><span class=\"C9DxTc\"><strong>:<\/strong> Simula\u00e7\u00e3o termoenerg\u00e9tica de edifica\u00e7\u00f5es acoplada a simula\u00e7\u00e3o higrot\u00e9rmica tridimensional de solos<\/span><\/p><p class=\"zfr3Q CDt4Ke\" dir=\"ltr\"><strong><span class=\"C9DxTc\">\u00d3rg\u00e3o<\/span><\/strong><span class=\"C9DxTc\"><strong>:<\/strong> CNPq \u2013 PQ Ref. 300263\/2003-1<\/span><\/p><p class=\"zfr3Q CDt4Ke\" dir=\"ltr\"><strong><span class=\"C9DxTc\">Coordenador<\/span><\/strong><span class=\"C9DxTc\"><strong>:<\/strong> Prof. Nathan Mendes<\/span><\/p><p class=\"zfr3Q CDt4Ke\" dir=\"ltr\"><strong><span class=\"C9DxTc\">Vig\u00eancia<\/span><\/strong><span class=\"C9DxTc\">: 8\/2003-2\/2007<\/span><\/p><\/li><li><p class=\"zfr3Q CDt4Ke\" dir=\"ltr\"><strong><span class=\"C9DxTc\">T\u00edtulo<\/span><\/strong><span class=\"C9DxTc\">: Contribui\u00e7\u00e3o Brasileira ao Projeto Multinacional da\u00a0<\/span><span class=\"C9DxTc\">International Energy Agency\u00a0<\/span><span class=\"C9DxTc\">(IEA) em Simula\u00e7\u00e3o de Desempenho Energ\u00e9tico e Higrot\u00e9rmico de Edifica\u00e7\u00f5es (Moist-Eng<\/span><span class=\"C9DxTc\">)<\/span><\/p><p class=\"zfr3Q CDt4Ke\" dir=\"ltr\"><strong><span class=\"C9DxTc\">\u00d3rg\u00e3o<\/span><\/strong><span class=\"C9DxTc\"><strong>:<\/strong> CNPq-CT-ENERG\u00a0 Ref. 401090\/2003-5<\/span><\/p><p class=\"zfr3Q CDt4Ke\" dir=\"ltr\"><strong><span class=\"C9DxTc\">Coordenador<\/span><\/strong><span class=\"C9DxTc\"><strong>:<\/strong> Prof. Nathan Mendes<\/span><\/p><p class=\"zfr3Q CDt4Ke\" dir=\"ltr\"><strong><span class=\"C9DxTc\">Vig\u00eancia<\/span><\/strong><span class=\"C9DxTc\"><strong>:<\/strong> 9\/2004-9\/2006<\/span><\/p><\/li><li><p class=\"zfr3Q CDt4Ke\" dir=\"ltr\"><strong><span class=\"C9DxTc\">T\u00edtulo<\/span><\/strong><span class=\"C9DxTc\"><strong>:<\/strong> Whole building heat, air and moisture response (MOIST-ENG)<\/span><\/p><p class=\"zfr3Q CDt4Ke\" dir=\"ltr\"><strong><span class=\"C9DxTc\">\u00d3rg\u00e3o<\/span><\/strong><span class=\"C9DxTc\"><strong>:<\/strong> EXCO-IEA, International Energy Agency.<\/span><\/p><p class=\"zfr3Q CDt4Ke\" dir=\"ltr\"><strong><span class=\"C9DxTc\">Coordenador<\/span><\/strong><span class=\"C9DxTc\"><strong>:<\/strong> Prof. Hugo Hens (universidade de Leuven, B\u00e9lgica)<\/span><\/p><p class=\"zfr3Q CDt4Ke\" dir=\"ltr\"><strong><span class=\"C9DxTc\">Vig\u00eancia<\/span><\/strong><span class=\"C9DxTc\"><strong>:<\/strong> 10\/2003-6\/2008<\/span><\/p><\/li><li><p class=\"zfr3Q CDt4Ke\" dir=\"ltr\"><strong><span class=\"C9DxTc\">T\u00edtulo<\/span><\/strong><span class=\"C9DxTc\"><strong>:<\/strong> Desenvolvimento de software inteligente para avalia\u00e7\u00e3o de uso racional de energia e de conforto em edifica\u00e7\u00f5es<\/span><\/p><p class=\"zfr3Q CDt4Ke\" dir=\"ltr\"><strong><span class=\"C9DxTc\">\u00d3rg\u00e3o<\/span><\/strong><span class=\"C9DxTc\"><strong>:<\/strong> CNPq \u2013 PQ Ref. 300154\/00-3<\/span><\/p><p class=\"zfr3Q CDt4Ke\" dir=\"ltr\"><strong><span class=\"C9DxTc\">Coordenador<\/span><\/strong><span class=\"C9DxTc\"><strong>:<\/strong> Prof. Nathan Mendes<\/span><\/p><p class=\"zfr3Q CDt4Ke\" dir=\"ltr\"><strong><span class=\"C9DxTc\">Vig\u00eancia<\/span><\/strong><span class=\"C9DxTc\"><strong>:<\/strong> 8\/2001-7\/2003<\/span><\/p><\/li><li><p class=\"zfr3Q CDt4Ke\" dir=\"ltr\"><strong><span class=\"C9DxTc\">T\u00edtulo<\/span><\/strong><span class=\"C9DxTc\"><strong>:<\/strong> Expans\u00e3o do aparato experimental do laborat\u00f3rio de sistemas t\u00e9rmicos (LST) da PUCPR para realiza\u00e7\u00e3o de testes e melhoramento de efici\u00eancia energ\u00e9tica em sistemas de climatiza\u00e7\u00e3o<\/span><\/p><p class=\"zfr3Q CDt4Ke\" dir=\"ltr\"><strong><span class=\"C9DxTc\">\u00d3rg\u00e3o<\/span><\/strong><span class=\"C9DxTc\"><strong>:<\/strong> ELETROBR\u00c1S\/PROCEL<\/span><\/p><p class=\"zfr3Q CDt4Ke\" dir=\"ltr\"><strong><span class=\"C9DxTc\">Coordenador<\/span><\/strong><span class=\"C9DxTc\">: Prof. Nathan Mendes<\/span><\/p><p class=\"zfr3Q CDt4Ke\" dir=\"ltr\"><strong><span class=\"C9DxTc\">Vig\u00eancia<\/span><\/strong><span class=\"C9DxTc\"><strong>:<\/strong> 12\/2003\u2013 12\/2006<\/span><\/p><\/li><li><p class=\"zfr3Q CDt4Ke\" dir=\"ltr\"><strong><span class=\"C9DxTc\">T\u00edtulo<\/span><\/strong><span class=\"C9DxTc\">: Desenvolvimento de Ambiente Computacional para An\u00e1lise e Controle de Sistemas T\u00e9rmicos Integrados a Edifica\u00e7\u00f5es<\/span><\/p><p class=\"zfr3Q CDt4Ke\" dir=\"ltr\"><strong><span class=\"C9DxTc\">\u00d3rg\u00e3o<\/span><\/strong><span class=\"C9DxTc\"><strong>:<\/strong> CNPq\/Energia Ref. 551461\/2001-2<\/span><\/p><p class=\"zfr3Q CDt4Ke\" dir=\"ltr\"><strong><span class=\"C9DxTc\">Coordenador<\/span><\/strong><span class=\"C9DxTc\"><strong>:<\/strong> Prof. Gustavo Henrique da Costa Oliveira (PUCPR)<\/span><\/p><p class=\"zfr3Q CDt4Ke\" dir=\"ltr\"><strong><span class=\"C9DxTc\">Vig\u00eancia<\/span><\/strong><span class=\"C9DxTc\"><strong>:<\/strong> 11\/2002\u2013 10\/2004<\/span><\/p><\/li><li><p class=\"zfr3Q CDt4Ke\" dir=\"ltr\"><strong><span class=\"C9DxTc\">T\u00edtulo<\/span><\/strong><span class=\"C9DxTc\"><strong>:<\/strong> Programa de P\u00f3s-Gradua\u00e7\u00e3o em Engenharia Mec\u00e2nica \u2013 PPGEM\/PUCPR<\/span><\/p><p class=\"zfr3Q CDt4Ke\" dir=\"ltr\"><strong><span class=\"C9DxTc\">Fonte<\/span><\/strong><span class=\"C9DxTc\"><strong>:<\/strong> Funda\u00e7\u00e3o Arauc\u00e1ria &#8211; Chamada\/ano: 21\/2006, Conv\u00eanio n\u00ba: 07\/2007 \u00a0<strong>\u00a0<\/strong><\/span><strong> <span class=\"C9DxTc\">Protocolo<\/span><\/strong><span class=\"C9DxTc\"><strong>\u00a0n\u00ba:<\/strong> 11245<\/span><\/p><p class=\"zfr3Q CDt4Ke\" dir=\"ltr\"><span class=\"C9DxTc\"><strong>Coordenador:<\/strong>\u00a0<\/span><span class=\"C9DxTc\">Nathan Mendes<\/span><\/p><p class=\"zfr3Q CDt4Ke\" dir=\"ltr\"><strong><span class=\"C9DxTc\">Equipe:\u00a0<\/span><\/strong><span class=\"C9DxTc\">Nathan Mendes e docentes do PPGEM<\/span><\/p><p class=\"zfr3Q CDt4Ke\" dir=\"ltr\"><span class=\"C9DxTc\"><strong>Vig\u00eancia:<\/strong>\u00a0<\/span><span class=\"C9DxTc\">1.7.2007 a 31.12.2009<\/span><\/p><\/li><li><p class=\"zfr3Q CDt4Ke\" dir=\"ltr\"><strong><span class=\"C9DxTc\">T\u00edtulo<\/span><\/strong><span class=\"C9DxTc\"><strong>:<\/strong> Redu\u00e7\u00e3o de consumo de energia em sistemas dom\u00e9sticos de refrigera\u00e7\u00e3o: an\u00e1lise num\u00e9rico-experimental de desempenho de evaporadores<\/span><\/p><p class=\"zfr3Q CDt4Ke\" dir=\"ltr\"><strong><span class=\"C9DxTc\">\u00d3rg\u00e3o<\/span><\/strong><span class=\"C9DxTc\"><strong>:<\/strong> CNPq\/Energia Ref. 550093\/01-0<\/span><\/p><p class=\"zfr3Q CDt4Ke\" dir=\"ltr\"><strong><span class=\"C9DxTc\">Coordenador<\/span><\/strong><span class=\"C9DxTc\"><strong>:<\/strong> Prof. Nathan Mendes<\/span><\/p><p class=\"zfr3Q CDt4Ke\" dir=\"ltr\"><strong><span class=\"C9DxTc\">Vig\u00eancia<\/span><\/strong><span class=\"C9DxTc\"><strong>:<\/strong> 6\/2002 \u2013 6\/2004<\/span><\/p><\/li><li><p class=\"zfr3Q CDt4Ke\" dir=\"ltr\"><strong><span class=\"C9DxTc\">T\u00edtulo<\/span><\/strong><span class=\"C9DxTc\"><strong>:<\/strong> Aperfei\u00e7oamento de Sistemas de Climatiza\u00e7\u00e3o para Redu\u00e7\u00e3o de Consumo de Energia e Melhoria de Conforto T\u00e9rmico<\/span><\/p><p class=\"zfr3Q CDt4Ke\" dir=\"ltr\"><strong><span class=\"C9DxTc\">\u00d3rg\u00e3o<\/span><\/strong><span class=\"C9DxTc\"><strong>:<\/strong> FINEP Ref. 2460\/05<\/span><\/p><p class=\"zfr3Q CDt4Ke\" dir=\"ltr\"><strong><span class=\"C9DxTc\">Coordenador<\/span><\/strong><span class=\"C9DxTc\"><strong>:<\/strong> Prof. Gustavo Henrique da Costa Oliveira<\/span><\/p><p class=\"zfr3Q CDt4Ke\" dir=\"ltr\"><strong><span class=\"C9DxTc\">Vig\u00eancia<\/span><\/strong><span class=\"C9DxTc\"><strong>:<\/strong> 1\/2006\u2013 12\/2007<\/span><\/p><\/li><li><p class=\"zfr3Q CDt4Ke\" dir=\"ltr\"><strong><span class=\"C9DxTc\">T\u00edtulo<\/span><\/strong><span class=\"C9DxTc\"><strong>:<\/strong> Avalia\u00e7\u00e3o Num\u00e9rica de Coeficientes de Transfer\u00eancia de Calor e de Massa por Convec\u00e7\u00e3o em Paredes de Edifica\u00e7\u00f5es<\/span><\/p><p class=\"zfr3Q CDt4Ke\" dir=\"ltr\"><strong><span class=\"C9DxTc\">\u00d3rg\u00e3o<\/span><\/strong><span class=\"C9DxTc\"><strong>:<\/strong> CNPq\/APV Ref. 451676\/2004-1<\/span><\/p><p class=\"zfr3Q CDt4Ke\" dir=\"ltr\"><strong><span class=\"C9DxTc\">Coordenador<\/span><\/strong><span class=\"C9DxTc\"><strong>:<\/strong> Prof. Nathan Mendes<\/span><\/p><p class=\"zfr3Q CDt4Ke\" dir=\"ltr\"><strong><span class=\"C9DxTc\">Vig\u00eancia<\/span><\/strong><span class=\"C9DxTc\"><strong>:<\/strong> 08\/2004\u2013 9\/2004<\/span><\/p><\/li><li><p class=\"zfr3Q CDt4Ke\" dir=\"ltr\"><strong><span class=\"C9DxTc\">T\u00edtulo<\/span><\/strong><span class=\"C9DxTc\"><strong>:<\/strong> Collaborative Research between Fraunhofer-Gesellschaft zur F\u00f6rderung der angewandten Forschung (Fraunhofer-Institut f\u00fcr Bauphysik &#8211; IBP) and PUCPR:\u00a0 Exchange of results from hygrothermal research and common bench-marking of hygrothermal simulation tools.<\/span><\/p><p class=\"zfr3Q CDt4Ke\" dir=\"ltr\"><strong><span class=\"C9DxTc\">\u00d3rg\u00e3o<\/span><\/strong><span class=\"C9DxTc\"><strong>:<\/strong> Fraunhofer-Gesellschaft<\/span><\/p><p class=\"zfr3Q CDt4Ke\" dir=\"ltr\"><strong><span class=\"C9DxTc\">Coordenador<\/span><\/strong><span class=\"C9DxTc\"><strong>:<\/strong> Prof. Nathan Mendes(Brasil) e Dr. Andreas Holm (Alemanha)<\/span><\/p><p class=\"zfr3Q CDt4Ke\" dir=\"ltr\"><strong><span class=\"C9DxTc\">Vig\u00eancia<\/span><\/strong><span class=\"C9DxTc\"><strong>:<\/strong> 08\/2006\u20138\/2008<\/span><\/p><\/li><li><p class=\"zfr3Q CDt4Ke\" dir=\"ltr\"><strong><span class=\"C9DxTc\">T\u00edtulo<\/span><\/strong><span class=\"C9DxTc\"><strong>:<\/strong> Contribution to the NORDTEST Project on Moisture Buffer Capacity of Porous Building Materials.<\/span><\/p><p class=\"zfr3Q CDt4Ke\" dir=\"ltr\"><strong><span class=\"C9DxTc\">\u00d3rg\u00e3o<\/span><\/strong><span class=\"C9DxTc\"><strong>:<\/strong> NORDTEST\/DTU<\/span><\/p><p class=\"zfr3Q CDt4Ke\" dir=\"ltr\"><strong><span class=\"C9DxTc\">Coordenador<\/span><\/strong><span class=\"C9DxTc\"><strong>:<\/strong> Prof. Carsten Rode (Dinamarca)<\/span><\/p><p class=\"zfr3Q CDt4Ke\" dir=\"ltr\"><strong><span class=\"C9DxTc\">Vig\u00eancia<\/span><\/strong><span class=\"C9DxTc\"><strong>:<\/strong> 2003-2006<\/span><\/p><\/li><li><p class=\"zfr3Q CDt4Ke\" dir=\"ltr\"><span class=\"C9DxTc\"><strong>T\u00edtulo:<\/strong>\u00a0<\/span><span class=\"C9DxTc\">Potencial Brasileiro para Uso de Ventila\u00e7\u00e3o H\u00edbrida Acionada e Controlada por Energia Renov\u00e1vel<\/span><\/p><p class=\"zfr3Q CDt4Ke\" dir=\"ltr\"><strong><span class=\"C9DxTc\">Fonte:<\/span><\/strong><span class=\"C9DxTc\">\u00a0Edital MCT\/CNPq n\u00ba 27\/2007 \u2013 Mestrado 557755\/2008-5<\/span><\/p><p class=\"zfr3Q CDt4Ke\" dir=\"ltr\"><span class=\"C9DxTc\"><strong>Coordenador:<\/strong>\u00a0<\/span><span class=\"C9DxTc\">Nathan Mendes<\/span><\/p><p class=\"zfr3Q CDt4Ke\" dir=\"ltr\"><span class=\"C9DxTc\"><strong>Vig\u00eancia:<\/strong>\u00a0<\/span><span class=\"C9DxTc\">1.4.2008 a 31.3.2010<\/span><\/p><\/li><li><p class=\"zfr3Q CDt4Ke\" dir=\"ltr\"><span class=\"C9DxTc\"><strong>T\u00edtulo:<\/strong>\u00a0<\/span><span class=\"C9DxTc\">Ensaios e Simula\u00e7\u00e3o de Sistemas de Climatiza\u00e7\u00e3o de Ambientes<\/span><\/p><p class=\"zfr3Q CDt4Ke\" dir=\"ltr\"><strong><span class=\"C9DxTc\">Fonte:<\/span><\/strong><span class=\"C9DxTc\">\u00a0Inicia\u00e7\u00e3o Cient\u00edfica &#8211; IC &#8211; Edital MCT\/CNPq n\u00ba 01\/2007 (500045\/2007-0)<\/span><\/p><p class=\"zfr3Q CDt4Ke\" dir=\"ltr\"><span class=\"C9DxTc\"><strong>Coordenador:<\/strong>\u00a0<\/span><span class=\"C9DxTc\">Nathan Mendes<\/span><\/p><p class=\"zfr3Q CDt4Ke\" dir=\"ltr\"><strong><span class=\"C9DxTc\">Equipe:\u00a0<\/span><\/strong><span class=\"C9DxTc\">Nathan Mendes<\/span><\/p><p class=\"zfr3Q CDt4Ke\" dir=\"ltr\"><strong><span class=\"C9DxTc\">Vig\u00eancia<\/span><\/strong><span class=\"C9DxTc\"><strong>:<\/strong> 01\/08\/2007 a 31\/07\/2010<\/span><\/p><p class=\"zfr3Q CDt4Ke\" dir=\"ltr\"><span class=\"C9DxTc\">\u00a0\u00a0\u00a0\u00a0\u00a0\u00a0\u00a0\u00a0\u00a0\u00a0\u00a0\u00a0\u00a0\u00a0\u00a0\u00a0\u00a0\u00a0\u00a0\u00a0<\/span> <span class=\"C9DxTc\">\/09\/2007 a 28\/02\/2009 (Bolsista Walter Mazuroski)<\/span><\/p><\/li><li><p class=\"zfr3Q CDt4Ke\" dir=\"ltr\"><span class=\"C9DxTc\"><strong>T\u00edtulo:<\/strong> Desenvolvimento do Software Domus para Avalia\u00e7\u00e3o de Uso Racional de Energia e de Conforto em Edifica\u00e7\u00f5es<\/span><\/p><p class=\"zfr3Q CDt4Ke\" dir=\"ltr\"><strong><span class=\"C9DxTc\">Fonte:<\/span><\/strong><span class=\"C9DxTc\">\u00a0<\/span><span class=\"C9DxTc\">Funda\u00e7\u00e3o Arauc\u00e1ria (Protocolo 295)<\/span><\/p><p class=\"zfr3Q CDt4Ke\" dir=\"ltr\"><span class=\"C9DxTc\"><strong>Coordenador:<\/strong>\u00a0<\/span><span class=\"C9DxTc\">Nathan Mendes<\/span><\/p><p class=\"zfr3Q CDt4Ke\" dir=\"ltr\"><strong><span class=\"C9DxTc\">Vig\u00eancia:\u00a0<\/span><\/strong><span class=\"C9DxTc\">3\/2001 \u2013 11\/2002<\/span><\/p><\/li><li><p class=\"zfr3Q CDt4Ke\" dir=\"ltr\"><strong><span class=\"C9DxTc\">Projeto CNPq\/Energia (Ref. 550093\/01-0)<\/span><\/strong><\/p><p class=\"zfr3Q CDt4Ke\" dir=\"ltr\"><span class=\"C9DxTc\"><strong>T\u00edtulo:<\/strong> Redu\u00e7\u00e3o de Consumo de Energia em Sistemas Dom\u00e9sticos de Refrigera\u00e7\u00e3o: An\u00e1lise N\u00famerico-Experimental de Desempenho de Evaporadores.<\/span><\/p><p class=\"zfr3Q CDt4Ke\" dir=\"ltr\"><span class=\"C9DxTc\"><strong>Per\u00edodo:<\/strong>\u00a0<\/span><span class=\"C9DxTc\">7\/2002 \u2013 6\/2004<\/span><\/p><\/li><li><p class=\"zfr3Q CDt4Ke\" dir=\"ltr\"><strong><span class=\"C9DxTc\">Projeto CNPq\/Energia (Ref. 551461 \/ 2001-2)<\/span><\/strong><\/p><p class=\"zfr3Q CDt4Ke\" dir=\"ltr\"><span class=\"C9DxTc\"><strong>T\u00edtulo:<\/strong>\u00a0<\/span><span class=\"C9DxTc\">Desenvolvimento de Ambiente Computacional para An\u00e1lise e Controle de Sistemas T\u00e9rmicos Integrados a Edifica\u00e7\u00f5es<\/span><\/p><p class=\"zfr3Q CDt4Ke\" dir=\"ltr\"><span class=\"C9DxTc\"><strong>Coordenador:<\/strong>\u00a0<\/span><span class=\"C9DxTc\">Nathan Mendes<\/span><\/p><p class=\"zfr3Q CDt4Ke\" dir=\"ltr\"><span class=\"C9DxTc\"><strong>Per\u00edodo:<\/strong>\u00a0<\/span><span class=\"C9DxTc\">11\/2002 \u2013 10\/2004<\/span><\/p><\/li><li><p class=\"zfr3Q CDt4Ke\" dir=\"ltr\"><strong><span class=\"C9DxTc\">International Energy Initiative<\/span><\/strong><\/p><p class=\"zfr3Q CDt4Ke\" dir=\"ltr\"><strong><span class=\"C9DxTc\">T\u00edtulo:\u00a0<\/span><\/strong><span class=\"C9DxTc\">An\u00e1lise de Estrat\u00e9gias para Redu\u00e7\u00e3o de Consumo de Energia em Sistemas T\u00e9rmicos<\/span><\/p><p class=\"zfr3Q CDt4Ke\" dir=\"ltr\"><span class=\"C9DxTc\"><strong>Per\u00edodo:<\/strong>\u00a0<\/span><span class=\"C9DxTc\">12\/2002 \u2013 2\/2003<\/span><\/p><\/li><li><p class=\"zfr3Q CDt4Ke\" dir=\"ltr\"><span class=\"C9DxTc\"><strong>T\u00edtulo:<\/strong>\u00a0<\/span><span class=\"C9DxTc\">Aperfei\u00e7oamento e aprofundamento de estudos sobre ferramenta computacional para climatiza\u00e7\u00e3o com redu\u00e7\u00e3o de consumo energ\u00e9tico em edifica\u00e7\u00f5es, visando sua prepara\u00e7\u00e3o para uso comercial<\/span><\/p><p class=\"zfr3Q CDt4Ke\" dir=\"ltr\"><strong><span class=\"C9DxTc\">Fonte:<\/span><\/strong><span class=\"C9DxTc\">\u00a0Funda\u00e7\u00e3o Arauc\u00e1ria \u2013 Pappe \u2013 Fase I<\/span><\/p><p class=\"zfr3Q CDt4Ke\" dir=\"ltr\"><span class=\"C9DxTc\"><strong>Coordenador:<\/strong>\u00a0<\/span><span class=\"C9DxTc\">Nathan Mendes<\/span><\/p><p class=\"zfr3Q CDt4Ke\" dir=\"ltr\"><span class=\"C9DxTc\"><strong>Vig\u00eancia:<\/strong>\u00a0<\/span><span class=\"C9DxTc\">1\/2005 \u2013 8\/2005<\/span><\/p><\/li><li><p class=\"zfr3Q CDt4Ke\" dir=\"ltr\"><span class=\"C9DxTc\"><strong>T\u00edtulo:<\/strong>\u00a0<\/span><span class=\"C9DxTc\">Aperfei\u00e7oamento e aprofundamento de estudos sobre ferramenta computacional para climatiza\u00e7\u00e3o com redu\u00e7\u00e3o de consumo energ\u00e9tico em edifica\u00e7\u00f5es, visando sua prepara\u00e7\u00e3o para uso comercial \u2013 FASE II<\/span><\/p><p class=\"zfr3Q CDt4Ke\" dir=\"ltr\"><strong><span class=\"C9DxTc\">Fonte:<\/span><\/strong><span class=\"C9DxTc\">\u00a0Funda\u00e7\u00e3o Arauc\u00e1ria \u2013 Pappe \u2013 Fase II<\/span><span class=\"C9DxTc\">\u00a0<\/span><span class=\"C9DxTc\">(206\/2006)<\/span><\/p><p class=\"zfr3Q CDt4Ke\" dir=\"ltr\"><span class=\"C9DxTc\"><strong>Coordenador:<\/strong>\u00a0<\/span><span class=\"C9DxTc\">Nathan Mendes<\/span><\/p><p class=\"zfr3Q CDt4Ke\" dir=\"ltr\"><span class=\"C9DxTc\"><strong>Vig\u00eancia:<\/strong>\u00a0<\/span><span class=\"C9DxTc\">2006 \u2013 2008<\/span><\/p><\/li><\/ol>\t\t\t\t\t\t<\/div>\n\t\t\t\t<\/div>\n\t\t\t\t\t<\/div>\n\t\t\t\t<\/div>\n\t\t\t\t<\/div>","protected":false},"excerpt":{"rendered":"<p>PROJETOS E FINANCIAMENTOS Desde a d\u00e9cada de 90. modelos matem\u00e1ticos, algoritmos, t\u00e9cnicas experimentais, exerc\u00edcios de valida\u00e7\u00e3o e c\u00f3digos computacionais [5-50] vem sendo desenvolvidos para o estudo do comportamento higrot\u00e9rmico e energ\u00e9tico de ambientes e de sistemas de climatiza\u00e7\u00e3o. Para alimentar esse desenvolvimento, diversos projetos (com ou sem financiamento) fomentaram a pesquisa e desenvolvimento do Domus&hellip;&nbsp;<a href=\"https:\/\/domus.pucpr.br\/en\/financiamentos\/\" class=\"\" rel=\"bookmark\">Read More &raquo;<span class=\"screen-reader-text\">Financiamentos<\/span><\/a><\/p>","protected":false},"author":1,"featured_media":0,"parent":0,"menu_order":0,"comment_status":"closed","ping_status":"closed","template":"page-templates\/template-pagebuilder-full-width.php","meta":{"neve_meta_sidebar":"","neve_meta_container":"","neve_meta_enable_content_width":"","neve_meta_content_width":0,"neve_meta_title_alignment":"","neve_meta_author_avatar":"","neve_post_elements_order":"","neve_meta_disable_header":"","neve_meta_disable_footer":"","neve_meta_disable_title":"","_ti_tpc_template_sync":false,"_ti_tpc_template_id":"","footnotes":""},"class_list":["post-251","page","type-page","status-publish","hentry"],"_links":{"self":[{"href":"https:\/\/domus.pucpr.br\/en\/wp-json\/wp\/v2\/pages\/251","targetHints":{"allow":["GET"]}}],"collection":[{"href":"https:\/\/domus.pucpr.br\/en\/wp-json\/wp\/v2\/pages"}],"about":[{"href":"https:\/\/domus.pucpr.br\/en\/wp-json\/wp\/v2\/types\/page"}],"author":[{"embeddable":true,"href":"https:\/\/domus.pucpr.br\/en\/wp-json\/wp\/v2\/users\/1"}],"replies":[{"embeddable":true,"href":"https:\/\/domus.pucpr.br\/en\/wp-json\/wp\/v2\/comments?post=251"}],"version-history":[{"count":0,"href":"https:\/\/domus.pucpr.br\/en\/wp-json\/wp\/v2\/pages\/251\/revisions"}],"wp:attachment":[{"href":"https:\/\/domus.pucpr.br\/en\/wp-json\/wp\/v2\/media?parent=251"}],"curies":[{"name":"wp","href":"https:\/\/api.w.org\/{rel}","templated":true}]}}