{"id":263,"date":"2024-07-10T17:58:05","date_gmt":"2024-07-10T17:58:05","guid":{"rendered":"http:\/\/domus\/?page_id=263"},"modified":"2024-10-11T20:34:25","modified_gmt":"2024-10-11T20:34:25","slug":"faqs","status":"publish","type":"page","link":"https:\/\/domus.pucpr.br\/en\/faqs\/","title":{"rendered":"FAQs"},"content":{"rendered":"<div data-elementor-type=\"wp-page\" data-elementor-id=\"263\" class=\"elementor elementor-263\" data-elementor-post-type=\"page\">\n\t\t\t\t<div class=\"elementor-element elementor-element-058b70c e-con-full e-flex e-con e-parent\" data-id=\"058b70c\" data-element_type=\"container\">\n\t\t\t\t<div class=\"elementor-element elementor-element-4f689f1 elementor--h-position-center elementor--v-position-middle elementor-arrows-position-inside elementor-pagination-position-inside elementor-widget elementor-widget-slides\" data-id=\"4f689f1\" data-element_type=\"widget\" data-settings=\"{&quot;navigation&quot;:&quot;both&quot;,&quot;autoplay&quot;:&quot;yes&quot;,&quot;pause_on_hover&quot;:&quot;yes&quot;,&quot;pause_on_interaction&quot;:&quot;yes&quot;,&quot;autoplay_speed&quot;:5000,&quot;infinite&quot;:&quot;yes&quot;,&quot;transition&quot;:&quot;slide&quot;,&quot;transition_speed&quot;:500}\" data-widget_type=\"slides.default\">\n\t\t\t\t<div class=\"elementor-widget-container\">\n\t\t\t\t\t<div class=\"elementor-swiper\">\n\t\t\t<div class=\"elementor-slides-wrapper elementor-main-swiper swiper\" dir=\"ltr\" data-animation=\"fadeInUp\">\n\t\t\t\t<div class=\"swiper-wrapper elementor-slides\">\n\t\t\t\t\t\t\t\t\t\t<div class=\"elementor-repeater-item-49dc143 swiper-slide\"><div class=\"swiper-slide-bg\" role=\"img\"><\/div><div class=\"elementor-background-overlay\"><\/div><div class=\"swiper-slide-inner\" ><div class=\"swiper-slide-contents\"><div class=\"elementor-slide-heading\">FAQs<\/div><\/div><\/div><\/div>\t\t\t\t<\/div>\n\t\t\t\t\t\t\t<\/div>\n\t\t<\/div>\n\t\t\t\t<\/div>\n\t\t\t\t<\/div>\n\t\t\t\t<div class=\"elementor-element elementor-element-b36877f elementor-widget elementor-widget-spacer\" data-id=\"b36877f\" data-element_type=\"widget\" data-widget_type=\"spacer.default\">\n\t\t\t\t<div class=\"elementor-widget-container\">\n\t\t\t\t\t<div class=\"elementor-spacer\">\n\t\t\t<div class=\"elementor-spacer-inner\"><\/div>\n\t\t<\/div>\n\t\t\t\t<\/div>\n\t\t\t\t<\/div>\n\t\t\t\t<\/div>\n\t\t<div class=\"elementor-element elementor-element-6af3fd9 e-flex e-con-boxed e-con e-parent\" data-id=\"6af3fd9\" data-element_type=\"container\">\n\t\t\t\t\t<div class=\"e-con-inner\">\n\t\t\t\t<div class=\"elementor-element elementor-element-4e495e1 elementor-widget elementor-widget-toggle\" data-id=\"4e495e1\" data-element_type=\"widget\" data-widget_type=\"toggle.default\">\n\t\t\t\t<div class=\"elementor-widget-container\">\n\t\t\t\t\t<div class=\"elementor-toggle\">\n\t\t\t\t\t\t\t<div class=\"elementor-toggle-item\">\n\t\t\t\t\t<div id=\"elementor-tab-title-8201\" class=\"elementor-tab-title\" data-tab=\"1\" role=\"button\" aria-controls=\"elementor-tab-content-8201\" aria-expanded=\"false\">\n\t\t\t\t\t\t\t\t\t\t\t\t<span class=\"elementor-toggle-icon elementor-toggle-icon-right\" aria-hidden=\"true\">\n\t\t\t\t\t\t\t\t\t\t\t\t\t\t\t<span class=\"elementor-toggle-icon-closed\"><svg class=\"e-font-icon-svg e-fas-caret-right\" viewbox=\"0 0 192 512\" xmlns=\"http:\/\/www.w3.org\/2000\/svg\"><path d=\"M0 384.662V127.338c0-17.818 21.543-26.741 34.142-14.142l128.662 128.662c7.81 7.81 7.81 20.474 0 28.284L34.142 398.804C21.543 411.404 0 402.48 0 384.662z\"><\/path><\/svg><\/span>\n\t\t\t\t\t\t\t\t<span class=\"elementor-toggle-icon-opened\"><svg class=\"elementor-toggle-icon-opened e-font-icon-svg e-fas-caret-up\" viewbox=\"0 0 320 512\" xmlns=\"http:\/\/www.w3.org\/2000\/svg\"><path d=\"M288.662 352H31.338c-17.818 0-26.741-21.543-14.142-34.142l128.662-128.662c7.81-7.81 20.474-7.81 28.284 0l128.662 128.662c12.6 12.599 3.676 34.142-14.142 34.142z\"><\/path><\/svg><\/span>\n\t\t\t\t\t\t\t\t\t\t\t\t\t<\/span>\n\t\t\t\t\t\t\t\t\t\t\t\t<a class=\"elementor-toggle-title\" tabindex=\"0\">Geometria<\/a>\n\t\t\t\t\t<\/div>\n\n\t\t\t\t\t<div id=\"elementor-tab-content-8201\" class=\"elementor-tab-content elementor-clearfix\" data-tab=\"1\" role=\"region\" aria-labelledby=\"elementor-tab-title-8201\"><p dir=\"ltr\"><b>Como posso entrar com dados geom\u00e9tricos da edifica\u00e7\u00e3o?\u00a0<\/b><\/p><p dir=\"ltr\">O Domus possui atualmente duas interfaces gr\u00e1ficas para entrada de dados geom\u00e9tricos. A segunda interface \u2013 dita aprimorada \u2013 foi inspirada no Sketch-up e na necessidade apontada por usu\u00e1rios. Foi um grande avan\u00e7o, pois \u00e9 uma interface CAD pr\u00f3pria do programa e bem integrada com a m\u00e1quina de c\u00e1lculo e com par\u00e2metros para c\u00e1lculo do n\u00edvel de efici\u00eancia energ\u00e9tica (RTQ-C) e que permite fazer o que realmente \u00e9 simul\u00e1vel. Essa interface em constru\u00e7\u00e3o desde 2009 foi inserida no programa em 2012.<\/p><p dir=\"ltr\">A pedido de muitos usu\u00e1rios, hoje o programa permite ler arquivos no formato dxf (plantas-baixas) gerados a partir de programas como AutoCAD e Sketch-up.<\/p><p dir=\"ltr\">Al\u00e9m disso, o programa atualmente l\u00ea arquivos no formato idf do EnergyPlus.<\/p><p dir=\"ltr\"><strong style=\"background-color: var(--nv-site-bg); font-size: var(--bodyfontsize); letter-spacing: var(--bodyletterspacing); text-transform: var(--bodytexttransform);\">O que o programa considera como obstru\u00e7\u00e3o solar?<\/strong><\/p><p dir=\"ltr\">A partir da vers\u00e3o de fevereiro de 2013 que possui o novo algoritmo de c\u00e1lculo de \u00e1rea sombreada pela contagem de pixels, as obstru\u00e7\u00f5es podem ser desde brises at\u00e9 de outras superf\u00edcies da pr\u00f3pria edifica\u00e7\u00e3o ou at\u00e9 mesmo de elementos externos tais como \u00e1rvores, muros etc.<\/p><p dir=\"ltr\">O programa considera as prote\u00e7\u00f5es solares inseridas em uma janela como v\u00e1lidas para as outras janelas inseridas na mesma fachada?<\/p><p dir=\"ltr\">Sim, mas apenas a partir da vers\u00e3o de fevereiro de 2013 que possui o novo algoritmo de c\u00e1lculo de \u00e1rea sombreada pela contagem de pixels. Esse algoritmo permite o c\u00e1lculo de \u00e1reas sombreadas a partir de objetos de geometria qualquer.<\/p><p dir=\"ltr\">\u00a0<\/p><p dir=\"ltr\"><b>Como deve ser utilizado o mobili\u00e1rio?<\/b><\/p><p dir=\"ltr\">O mobili\u00e1rio pode ser utilizado na tentativa de representar uma massa t\u00e9rmica presente em cada zona da edifica\u00e7\u00e3o, dificultando a varia\u00e7\u00e3o de temperatura (e de umidade) ao longo do tempo. Por esta raz\u00e3o ele foi colocado como um ganho interno na nova interface do programa. A representa\u00e7\u00e3o do mobili\u00e1rio \u00e9 feita atrav\u00e9s de uma \u00e1rea equivalente para troca de calor e com uma capacidade t\u00e9rmica tamb\u00e9m equivalente do que realmente est\u00e1 no ambiente. O modelo matem\u00e1tico \u00e9 de uma placa plana com transfer\u00eancia de calor (e de umidade) unidimensional ao longo da espessura, da mesma forma que uma parede interna.<\/p><p dir=\"ltr\">\u00a0<\/p><p dir=\"ltr\"><b>Como deve ser utilizado o mobili\u00e1rio?<\/b><\/p><p dir=\"ltr\">O mobili\u00e1rio pode ser utilizado na tentativa de representar uma massa t\u00e9rmica presente em cada zona da edifica\u00e7\u00e3o, dificultando a varia\u00e7\u00e3o de temperatura (e de umidade) ao longo do tempo. Por esta raz\u00e3o ele foi colocado como um ganho interno na nova interface do programa. A representa\u00e7\u00e3o do mobili\u00e1rio \u00e9 feita atrav\u00e9s de uma \u00e1rea equivalente para troca de calor e com uma capacidade t\u00e9rmica tamb\u00e9m equivalente do que realmente est\u00e1 no ambiente. O modelo matem\u00e1tico \u00e9 de uma placa plana com transfer\u00eancia de calor (e de umidade) unidimensional ao longo da espessura, da mesma forma que uma parede interna.<\/p><p dir=\"ltr\">\u00a0<\/p><p dir=\"ltr\"><b>Acho um pouco dif\u00edcil o posicionamento exato de janelas e portas na parede. Como posso visualizar melhor isso?<\/b><\/p><p dir=\"ltr\">Atualmente o programa mostra as cotas \u00e0 esquerda, direita, acima e abaixo em metros. Recomenda-se a amplia\u00e7\u00e3o com o zoom para facilitar a leitura dessas cotas e tamb\u00e9m a precis\u00e3o no posicionamento que \u00e9 de 1cm.Foi colocado tamb\u00e9m um grid no sentido de facilitar esse posicionamento. Experimente apertar a tecla F3.<\/p><p dir=\"ltr\">\u00a0<\/p><p dir=\"ltr\"><b>Como criar elementos de composi\u00e7\u00e3o, como marquises e p\u00f3rticos, sem que representem zonas t\u00e9rmicas?<\/b><\/p><p dir=\"ltr\">Caso n\u00e3o seja um s\u00f3lido &#8211; apenas uma superf\u00edcie bidimensional, o software automaticamente leva em conta apenas seus efeitos em sombreamento. Em breve, ser\u00e3o selecionadas zonas simul\u00e1veis e n\u00e3o simul\u00e1veis.<\/p><p dir=\"ltr\">\u00a0<\/p><p dir=\"ltr\"><b>Como posso multiplicar zonas verticalmente para cima?<\/b><\/p><p dir=\"ltr\">As explica\u00e7\u00f5es encontram-se na p\u00e1gina 25 do tutorial dispon\u00edvel na p\u00e1gina &#8220;Manual de Uso&#8221; deste mesmo site.<\/p><p dir=\"ltr\">\u00a0<\/p><p dir=\"ltr\"><b>Como criar arcos na modelagem de edif\u00edcios?<\/b><\/p><p dir=\"ltr\">Como os softwares de simula\u00e7\u00e3o de edifica\u00e7\u00f5es n\u00e3o resolvem um problema de transfer\u00eancia de calor tridimensional, superf\u00edcies curvas devem ser divididas em superf\u00edcies planas. Quanto mais superf\u00edcies planas tivermos, mas pr\u00f3xima a geometria ser\u00e1 da superf\u00edcie curva, por\u00e9m mais lenta ser\u00e1 a simula\u00e7\u00e3o.<\/p><\/div>\n\t\t\t\t<\/div>\n\t\t\t\t\t\t\t<div class=\"elementor-toggle-item\">\n\t\t\t\t\t<div id=\"elementor-tab-title-8202\" class=\"elementor-tab-title\" data-tab=\"2\" role=\"button\" aria-controls=\"elementor-tab-content-8202\" aria-expanded=\"false\">\n\t\t\t\t\t\t\t\t\t\t\t\t<span class=\"elementor-toggle-icon elementor-toggle-icon-right\" aria-hidden=\"true\">\n\t\t\t\t\t\t\t\t\t\t\t\t\t\t\t<span class=\"elementor-toggle-icon-closed\"><svg class=\"e-font-icon-svg e-fas-caret-right\" viewbox=\"0 0 192 512\" xmlns=\"http:\/\/www.w3.org\/2000\/svg\"><path d=\"M0 384.662V127.338c0-17.818 21.543-26.741 34.142-14.142l128.662 128.662c7.81 7.81 7.81 20.474 0 28.284L34.142 398.804C21.543 411.404 0 402.48 0 384.662z\"><\/path><\/svg><\/span>\n\t\t\t\t\t\t\t\t<span class=\"elementor-toggle-icon-opened\"><svg class=\"elementor-toggle-icon-opened e-font-icon-svg e-fas-caret-up\" viewbox=\"0 0 320 512\" xmlns=\"http:\/\/www.w3.org\/2000\/svg\"><path d=\"M288.662 352H31.338c-17.818 0-26.741-21.543-14.142-34.142l128.662-128.662c7.81-7.81 20.474-7.81 28.284 0l128.662 128.662c12.6 12.599 3.676 34.142-14.142 34.142z\"><\/path><\/svg><\/span>\n\t\t\t\t\t\t\t\t\t\t\t\t\t<\/span>\n\t\t\t\t\t\t\t\t\t\t\t\t<a class=\"elementor-toggle-title\" tabindex=\"0\">Materiais<\/a>\n\t\t\t\t\t<\/div>\n\n\t\t\t\t\t<div id=\"elementor-tab-content-8202\" class=\"elementor-tab-content elementor-clearfix\" data-tab=\"2\" role=\"region\" aria-labelledby=\"elementor-tab-title-8202\"><p dir=\"ltr\"><strong>Deve-se usar o solo ao se definir os materiais do piso? Se sim, que altura \u00e9 recomendada? A altura (componente \u201cy\u201d) do solo \u2013 definida pelo programa como 1 metro \u2013 tem alguma influ\u00eancia?<\/strong><\/p><p dir=\"ltr\"><span style=\"background-color: var(--nv-site-bg); font-size: var(--bodyfontsize); letter-spacing: var(--bodyletterspacing); text-transform: var(--bodytexttransform);\">Sim. O solo \u00e9 respons\u00e1vel pela troca de calor com o piso e pode ter uma grande influ\u00eancia. O programa calcula automaticamente a temperatura do solo na profundidade definida pelo usu\u00e1rio ao usar uma condi\u00e7\u00e3o de contorno de fluxo nulo (adiab\u00e1tico) na parte mais inferior. Portanto, quanto maior a profundidade, maior a precis\u00e3o e maior o custo computacional. Recomenda-se deixar o valor padr\u00e3o dado pelo pr\u00f3prio programa.<\/span><\/p><p>\u00a0<\/p><p dir=\"ltr\">\u00a0<\/p><p dir=\"ltr\"><strong>Absortividade para o Domus se refere \u00e0 absort\u00e2ncia do RTQ-C? Se sim, talvez fosse interessante manter a nomenclatura do regulamento. Isso para manter uniformidade, uma vez que existe discuss\u00e3o entre autores a respeito do significado desses conceitos.<\/strong><\/p><p dir=\"ltr\">\u00a0<\/p><p dir=\"ltr\">Sim. Na verdade, em materiais opacos, o termo correto \u00e9 absortividade por ser uma propriedade f\u00edsica independente da geometria\/espessura. No caso de vidros, a\u00ed sim \u00e9 correto o uso do termo absort\u00e2ncia, pois ela \u00e9 dependente da espessura do vidro.<\/p><\/div>\n\t\t\t\t<\/div>\n\t\t\t\t\t\t\t<div class=\"elementor-toggle-item\">\n\t\t\t\t\t<div id=\"elementor-tab-title-8203\" class=\"elementor-tab-title\" data-tab=\"3\" role=\"button\" aria-controls=\"elementor-tab-content-8203\" aria-expanded=\"false\">\n\t\t\t\t\t\t\t\t\t\t\t\t<span class=\"elementor-toggle-icon elementor-toggle-icon-right\" aria-hidden=\"true\">\n\t\t\t\t\t\t\t\t\t\t\t\t\t\t\t<span class=\"elementor-toggle-icon-closed\"><svg class=\"e-font-icon-svg e-fas-caret-right\" viewbox=\"0 0 192 512\" xmlns=\"http:\/\/www.w3.org\/2000\/svg\"><path d=\"M0 384.662V127.338c0-17.818 21.543-26.741 34.142-14.142l128.662 128.662c7.81 7.81 7.81 20.474 0 28.284L34.142 398.804C21.543 411.404 0 402.48 0 384.662z\"><\/path><\/svg><\/span>\n\t\t\t\t\t\t\t\t<span class=\"elementor-toggle-icon-opened\"><svg class=\"elementor-toggle-icon-opened e-font-icon-svg e-fas-caret-up\" viewbox=\"0 0 320 512\" xmlns=\"http:\/\/www.w3.org\/2000\/svg\"><path d=\"M288.662 352H31.338c-17.818 0-26.741-21.543-14.142-34.142l128.662-128.662c7.81-7.81 20.474-7.81 28.284 0l128.662 128.662c12.6 12.599 3.676 34.142-14.142 34.142z\"><\/path><\/svg><\/span>\n\t\t\t\t\t\t\t\t\t\t\t\t\t<\/span>\n\t\t\t\t\t\t\t\t\t\t\t\t<a class=\"elementor-toggle-title\" tabindex=\"0\">Par\u00e2metros de simula\u00e7\u00e3o<\/a>\n\t\t\t\t\t<\/div>\n\n\t\t\t\t\t<div id=\"elementor-tab-content-8203\" class=\"elementor-tab-content elementor-clearfix\" data-tab=\"3\" role=\"region\" aria-labelledby=\"elementor-tab-title-8203\"><p dir=\"ltr\"><strong>Em \u201cPar\u00e2metros Gerais\u201d, o que \u00e9 \u201cpasso de tempo\u201d?<\/strong><\/p><p dir=\"ltr\">A discretiza\u00e7\u00e3o de equa\u00e7\u00f5es governantes em regime transiente no dom\u00ednio do tempo faz surgir um delta_t que \u00e9 chamado passo de tempo. Por exemplo, para a equa\u00e7\u00e3o da energia onde aparece uma derivada no tempo (t) da temperatura (T) ela pode ser aproximada por uma raz\u00e3o delta_T_no_tempo por delta_t. Quanto menor o delta-t, melhor \u00e9 ssa aproxima\u00e7\u00e3o e mais lenta \u00e9 a simula\u00e7\u00e3o.<\/p><\/div>\n\t\t\t\t<\/div>\n\t\t\t\t\t\t\t<div class=\"elementor-toggle-item\">\n\t\t\t\t\t<div id=\"elementor-tab-title-8204\" class=\"elementor-tab-title\" data-tab=\"4\" role=\"button\" aria-controls=\"elementor-tab-content-8204\" aria-expanded=\"false\">\n\t\t\t\t\t\t\t\t\t\t\t\t<span class=\"elementor-toggle-icon elementor-toggle-icon-right\" aria-hidden=\"true\">\n\t\t\t\t\t\t\t\t\t\t\t\t\t\t\t<span class=\"elementor-toggle-icon-closed\"><svg class=\"e-font-icon-svg e-fas-caret-right\" viewbox=\"0 0 192 512\" xmlns=\"http:\/\/www.w3.org\/2000\/svg\"><path d=\"M0 384.662V127.338c0-17.818 21.543-26.741 34.142-14.142l128.662 128.662c7.81 7.81 7.81 20.474 0 28.284L34.142 398.804C21.543 411.404 0 402.48 0 384.662z\"><\/path><\/svg><\/span>\n\t\t\t\t\t\t\t\t<span class=\"elementor-toggle-icon-opened\"><svg class=\"elementor-toggle-icon-opened e-font-icon-svg e-fas-caret-up\" viewbox=\"0 0 320 512\" xmlns=\"http:\/\/www.w3.org\/2000\/svg\"><path d=\"M288.662 352H31.338c-17.818 0-26.741-21.543-14.142-34.142l128.662-128.662c7.81-7.81 20.474-7.81 28.284 0l128.662 128.662c12.6 12.599 3.676 34.142-14.142 34.142z\"><\/path><\/svg><\/span>\n\t\t\t\t\t\t\t\t\t\t\t\t\t<\/span>\n\t\t\t\t\t\t\t\t\t\t\t\t<a class=\"elementor-toggle-title\" tabindex=\"0\">Climatiza\u00e7\u00e3o natural e artificial<\/a>\n\t\t\t\t\t<\/div>\n\n\t\t\t\t\t<div id=\"elementor-tab-content-8204\" class=\"elementor-tab-content elementor-clearfix\" data-tab=\"4\" role=\"region\" aria-labelledby=\"elementor-tab-title-8204\"><p dir=\"ltr\"><strong>Quais os dados m\u00ednimos necess\u00e1rios para a modelagem do sistema de ar-condicionado, visto que a maioria dos par\u00e2metros exigidos \u00e9 de alto grau de complexidade?<\/strong><\/p><p dir=\"ltr\">A simula\u00e7\u00e3o de sistemas de climatiza\u00e7\u00e3o, sobretudo os centrais, \u00e9 realmente detalhada e a redu\u00e7\u00e3o do n\u00famero de par\u00e2metros pode representar uma realidade diferente do sistema de forma a produzir resultados n\u00e3o confi\u00e1veis. No entanto, um trabalho junto aos fabricantes, reduziria em muito essa dificuldade pois eles poderiam fornecer todos os dados necess\u00e1rios, talvez at\u00e9 em um formato padr\u00e3o para leitura autom\u00e1tica pelo Domus-Procel Edifica.<\/p><p dir=\"ltr\"><strong>Onde informar que o ambiente \u00e9 naturalmente ventilado?<\/strong><\/p><p dir=\"ltr\">Na tela de Par\u00e2metros gerais (de simula\u00e7\u00e3o), selecione &#8220;configurar&#8221; para ventila\u00e7\u00e3o natural. Para configura\u00e7\u00e3o desse par\u00e2metro \u00e9 necess\u00e1rio que janelas ou portas estejam abertas. O hor\u00e1rio de abertura \u00e9 especificado em &#8220;Config de hor\u00e1rios de abertura&#8221;.<\/p><\/div>\n\t\t\t\t<\/div>\n\t\t\t\t\t\t\t<div class=\"elementor-toggle-item\">\n\t\t\t\t\t<div id=\"elementor-tab-title-8205\" class=\"elementor-tab-title\" data-tab=\"5\" role=\"button\" aria-controls=\"elementor-tab-content-8205\" aria-expanded=\"false\">\n\t\t\t\t\t\t\t\t\t\t\t\t<span class=\"elementor-toggle-icon elementor-toggle-icon-right\" aria-hidden=\"true\">\n\t\t\t\t\t\t\t\t\t\t\t\t\t\t\t<span class=\"elementor-toggle-icon-closed\"><svg class=\"e-font-icon-svg e-fas-caret-right\" viewbox=\"0 0 192 512\" xmlns=\"http:\/\/www.w3.org\/2000\/svg\"><path d=\"M0 384.662V127.338c0-17.818 21.543-26.741 34.142-14.142l128.662 128.662c7.81 7.81 7.81 20.474 0 28.284L34.142 398.804C21.543 411.404 0 402.48 0 384.662z\"><\/path><\/svg><\/span>\n\t\t\t\t\t\t\t\t<span class=\"elementor-toggle-icon-opened\"><svg class=\"elementor-toggle-icon-opened e-font-icon-svg e-fas-caret-up\" viewbox=\"0 0 320 512\" xmlns=\"http:\/\/www.w3.org\/2000\/svg\"><path d=\"M288.662 352H31.338c-17.818 0-26.741-21.543-14.142-34.142l128.662-128.662c7.81-7.81 20.474-7.81 28.284 0l128.662 128.662c12.6 12.599 3.676 34.142-14.142 34.142z\"><\/path><\/svg><\/span>\n\t\t\t\t\t\t\t\t\t\t\t\t\t<\/span>\n\t\t\t\t\t\t\t\t\t\t\t\t<a class=\"elementor-toggle-title\" tabindex=\"0\">Ilumina\u00e7\u00e3o natural<\/a>\n\t\t\t\t\t<\/div>\n\n\t\t\t\t\t<div id=\"elementor-tab-content-8205\" class=\"elementor-tab-content elementor-clearfix\" data-tab=\"5\" role=\"region\" aria-labelledby=\"elementor-tab-title-8205\"><p dir=\"ltr\"><strong>Como considerar a influ\u00eancia da Ilumina\u00e7\u00e3o natural?<\/strong><\/p><p dir=\"ltr\">O programa permite um acoplamento com o software Daysim -daysim.ning.com,\u00a0 espec\u00edfico para ilumina\u00e7\u00e3o natural &#8211; por meio de um arquivo texto com dados hor\u00e1rios sobre a densidade de pot\u00eancia de ilumina\u00e7\u00e3o artificial necess\u00e1ria para cada ambiente. A especifica\u00e7\u00e3o desse arquivo deve ser feita na janela de Ganhos Internos\/Ilumina\u00e7\u00e3o.<\/p><\/div>\n\t\t\t\t<\/div>\n\t\t\t\t\t\t\t<div class=\"elementor-toggle-item\">\n\t\t\t\t\t<div id=\"elementor-tab-title-8206\" class=\"elementor-tab-title\" data-tab=\"6\" role=\"button\" aria-controls=\"elementor-tab-content-8206\" aria-expanded=\"false\">\n\t\t\t\t\t\t\t\t\t\t\t\t<span class=\"elementor-toggle-icon elementor-toggle-icon-right\" aria-hidden=\"true\">\n\t\t\t\t\t\t\t\t\t\t\t\t\t\t\t<span class=\"elementor-toggle-icon-closed\"><svg class=\"e-font-icon-svg e-fas-caret-right\" viewbox=\"0 0 192 512\" xmlns=\"http:\/\/www.w3.org\/2000\/svg\"><path d=\"M0 384.662V127.338c0-17.818 21.543-26.741 34.142-14.142l128.662 128.662c7.81 7.81 7.81 20.474 0 28.284L34.142 398.804C21.543 411.404 0 402.48 0 384.662z\"><\/path><\/svg><\/span>\n\t\t\t\t\t\t\t\t<span class=\"elementor-toggle-icon-opened\"><svg class=\"elementor-toggle-icon-opened e-font-icon-svg e-fas-caret-up\" viewbox=\"0 0 320 512\" xmlns=\"http:\/\/www.w3.org\/2000\/svg\"><path d=\"M288.662 352H31.338c-17.818 0-26.741-21.543-14.142-34.142l128.662-128.662c7.81-7.81 20.474-7.81 28.284 0l128.662 128.662c12.6 12.599 3.676 34.142-14.142 34.142z\"><\/path><\/svg><\/span>\n\t\t\t\t\t\t\t\t\t\t\t\t\t<\/span>\n\t\t\t\t\t\t\t\t\t\t\t\t<a class=\"elementor-toggle-title\" tabindex=\"0\">Arquivo clim\u00e1tico<\/a>\n\t\t\t\t\t<\/div>\n\n\t\t\t\t\t<div id=\"elementor-tab-content-8206\" class=\"elementor-tab-content elementor-clearfix\" data-tab=\"6\" role=\"region\" aria-labelledby=\"elementor-tab-title-8206\"><p dir=\"ltr\"><strong>Se o arquivo clim\u00e1tico \u00e9 o ano de refer\u00eancia, porque o programa pede para escolher o ano de simula\u00e7\u00e3o?<\/strong><\/p><p dir=\"ltr\">O programa utiliza um algoritmo para c\u00e1lculo da cinem\u00e1tica solar que leva em conta o ano, permitindo uma melhor precis\u00e3o do que os dispon\u00edveis em literatura cl\u00e1ssica. Al\u00e9m disso, a informa\u00e7\u00e3o do ano tamb\u00e9m \u00e9 utilizada para se conhecer os s\u00e1bados,\u00a0 domingos\u00a0 feriados. Foi criada uma tela para edi\u00e7\u00e3o de feriados na tela de configura\u00e7\u00e3o de par\u00e2metros gerais.<\/p><p dir=\"ltr\"><strong>Como posso fazer para simular com dados clim\u00e1ticos de outras cidades?<\/strong><\/p><p dir=\"ltr\">O programa converte arquivos de formatos TRY, TMY, TMY2, TMY3, EPW e txt em arquivos do pr\u00f3prio programa (DWF \u2013 Domus Weather File). A inser\u00e7\u00e3o de arquivos deve ser feita na pasta de climas criada dentro do diret\u00f3rio de instala\u00e7\u00e3o do programa.<\/p><p>J\u00e1 est\u00e1 dispon\u00edvel &#8211; no portal do programa<a href=\"https:\/\/domus.pucpr.br\/en\/\"> www.domus.pucpr.br<\/a>, aba download &#8211; um programa instalador da base de dados criada pelo Prof. Maur\u00edcio Roriz que permitir\u00e1 a r\u00e1pida inser\u00e7\u00e3o de 411 cidades brasileiras diretamente na pasta de climas do Domus.<\/p><\/div>\n\t\t\t\t<\/div>\n\t\t\t\t\t\t\t\t<\/div>\n\t\t\t\t<\/div>\n\t\t\t\t<\/div>\n\t\t\t\t\t<\/div>\n\t\t\t\t<\/div>\n\t\t<div class=\"elementor-element elementor-element-1d8dd96 e-flex e-con-boxed e-con e-parent\" data-id=\"1d8dd96\" data-element_type=\"container\">\n\t\t\t\t\t<div class=\"e-con-inner\">\n\t\t\t\t<div class=\"elementor-element elementor-element-c72de92 elementor-widget elementor-widget-spacer\" data-id=\"c72de92\" data-element_type=\"widget\" data-widget_type=\"spacer.default\">\n\t\t\t\t<div class=\"elementor-widget-container\">\n\t\t\t\t\t<div class=\"elementor-spacer\">\n\t\t\t<div class=\"elementor-spacer-inner\"><\/div>\n\t\t<\/div>\n\t\t\t\t<\/div>\n\t\t\t\t<\/div>\n\t\t\t\t\t<\/div>\n\t\t\t\t<\/div>\n\t\t\t\t<\/div>","protected":false},"excerpt":{"rendered":"<p>FAQs Geometria Como posso entrar com dados geom\u00e9tricos da edifica\u00e7\u00e3o?\u00a0 O Domus possui atualmente duas interfaces gr\u00e1ficas para entrada de dados geom\u00e9tricos. A segunda interface \u2013 dita aprimorada \u2013 foi inspirada no Sketch-up e na necessidade apontada por usu\u00e1rios. Foi um grande avan\u00e7o, pois \u00e9 uma interface CAD pr\u00f3pria do programa e bem integrada com&hellip;&nbsp;<a href=\"https:\/\/domus.pucpr.br\/en\/faqs\/\" class=\"\" rel=\"bookmark\">Read More &raquo;<span class=\"screen-reader-text\">FAQs<\/span><\/a><\/p>","protected":false},"author":1,"featured_media":0,"parent":0,"menu_order":0,"comment_status":"closed","ping_status":"closed","template":"page-templates\/template-pagebuilder-full-width.php","meta":{"neve_meta_sidebar":"","neve_meta_container":"","neve_meta_enable_content_width":"","neve_meta_content_width":0,"neve_meta_title_alignment":"","neve_meta_author_avatar":"","neve_post_elements_order":"","neve_meta_disable_header":"","neve_meta_disable_footer":"","neve_meta_disable_title":"","_ti_tpc_template_sync":false,"_ti_tpc_template_id":"","footnotes":""},"class_list":["post-263","page","type-page","status-publish","hentry"],"_links":{"self":[{"href":"https:\/\/domus.pucpr.br\/en\/wp-json\/wp\/v2\/pages\/263","targetHints":{"allow":["GET"]}}],"collection":[{"href":"https:\/\/domus.pucpr.br\/en\/wp-json\/wp\/v2\/pages"}],"about":[{"href":"https:\/\/domus.pucpr.br\/en\/wp-json\/wp\/v2\/types\/page"}],"author":[{"embeddable":true,"href":"https:\/\/domus.pucpr.br\/en\/wp-json\/wp\/v2\/users\/1"}],"replies":[{"embeddable":true,"href":"https:\/\/domus.pucpr.br\/en\/wp-json\/wp\/v2\/comments?post=263"}],"version-history":[{"count":0,"href":"https:\/\/domus.pucpr.br\/en\/wp-json\/wp\/v2\/pages\/263\/revisions"}],"wp:attachment":[{"href":"https:\/\/domus.pucpr.br\/en\/wp-json\/wp\/v2\/media?parent=263"}],"curies":[{"name":"wp","href":"https:\/\/api.w.org\/{rel}","templated":true}]}}